{"id":4959,"date":"2021-11-28T20:45:55","date_gmt":"2021-11-28T20:45:55","guid":{"rendered":"http:\/\/albadesteve.dreamsetjolie.com\/preus\/"},"modified":"2025-11-26T10:44:27","modified_gmt":"2025-11-26T09:44:27","slug":"preus","status":"publish","type":"page","link":"https:\/\/albadesteve.com\/ca\/preus\/","title":{"rendered":"PREUS"},"content":{"rendered":"<div class=\"wpb-content-wrapper\"><p>[vc_row full_width=\u00bbstretch_row\u00bb parallax=\u00bbcontent-moving-fade\u00bb parallax_image=\u00bb3717&#8243; parallax_speed_bg=\u00bb2&#8243; css=\u00bb.vc_custom_1638082500934{margin-top: 0px !important;background-position: center;background-repeat: no-repeat !important;background-size: cover !important;}\u00bb][vc_column][vc_empty_space height=\u00bb150px\u00bb] <h1 style=\"color:#ffffff;padding:px;text-align:center;font-size:130px;line-height:px;letter-spacing: px;font-weight:lighter\" class=\"   nd_options_third_font \">Preus<\/h1> [vc_empty_space height=\u00bb150px\u00bb][\/vc_column][\/vc_row][vc_row][vc_column][vc_empty_space height=\u00bb50px\u00bb][\/vc_column][\/vc_row][vc_row][vc_column width=\u00bb1\/2&#8243;][vc_column_text]<\/p>\n<p style=\"text-align: center;\"><strong><span style=\"color: #0d6114; font-size: 18pt;\">ALBA D\u2019ESTEVE<\/span><\/strong><\/p>\n<p>[\/vc_column_text][vc_column_text css=\u00bb.vc_custom_1764150240951{margin-bottom: 40px !important;}\u00bb]<\/p>\n<table class=\"alignleft\" style=\"width: 100%; border-spacing: 10px;\" border=\"1\" frame=\"void\" rules=\"rows\" cellspacing=\"10px\">\n<tbody>\n<tr style=\"height: 24px;\">\n<td style=\"background-color: #0d6114; padding: 12px; width: 50%; height: 24px;\"><span style=\"color: #ffffff; font-size: 12pt;\"><strong>PREUS PER NIT<\/strong><\/span><\/td>\n<td style=\"background-color: #0d6114; padding: 12px; width: 25%; height: 24px;\"><span style=\"color: #ffffff; font-size: 12pt;\"><strong>T.A<\/strong><\/span><\/td>\n<td style=\"background-color: #0d6114; padding: 12px; width: 25%; height: 24px;\"><span style=\"color: #ffffff; font-size: 12pt;\"><strong>T.B<\/strong><\/span><\/td>\n<\/tr>\n<tr style=\"height: 24px; padding: 12px;\">\n<td style=\"width: 50%; height: 24px; padding: 12px;\">8 PERSONES<\/td>\n<td style=\"width: 25%; height: 24px; padding: 12px;\"><strong>320\u20ac<\/strong><\/td>\n<td style=\"width: 25%; height: 24px; padding: 12px;\"><strong>280\u20ac<\/strong><\/td>\n<\/tr>\n<tr style=\"height: 24px; padding: 12px;\">\n<td style=\"width: 50%; height: 24px; padding: 12px;\">10 PERSONES<\/td>\n<td style=\"width: 25%; height: 24px; padding: 12px;\"><strong>400\u20ac<\/strong><\/td>\n<td style=\"width: 25%; height: 24px; padding: 12px;\"><strong>350\u20ac<\/strong><\/td>\n<\/tr>\n<tr style=\"height: 24px;\">\n<td style=\"width: 50%; height: 24px; padding: 12px;\">12 PERSONES<\/td>\n<td style=\"width: 25%; height: 24px; padding: 12px;\"><strong>480\u20ac<\/strong><\/td>\n<td style=\"width: 25%; height: 24px; padding: 12px;\"><strong>420\u20ac<\/strong><\/td>\n<\/tr>\n<tr style=\"height: 24px;\">\n<td style=\"width: 50%; height: 24px; padding: 12px;\">14 PERSONES<\/td>\n<td style=\"width: 25%; height: 24px; padding: 12px;\"><strong>560\u20ac<\/strong><\/td>\n<td style=\"width: 25%; height: 24px; padding: 12px;\"><strong>490\u20ac<\/strong><\/td>\n<\/tr>\n<tr style=\"height: 24px;\">\n<td style=\"width: 50%; height: 24px; padding: 12px;\">16 PERSONES<\/td>\n<td style=\"width: 25%; height: 24px; padding: 12px;\"><strong>640\u20ac<\/strong><\/td>\n<td style=\"width: 25%; height: 24px; padding: 12px;\"><strong>560\u20ac<\/strong><\/td>\n<\/tr>\n<\/tbody>\n<\/table>\n<p>[\/vc_column_text][vc_empty_space][vc_column_text]<span style=\"font-size: 10pt;\">La casa pot acollir gratuitament, en cas d\u2019omplir les 16 places, 2 nens m\u00e9s en supletoris i 1 nad\u00f3 en bressol.<\/span>[\/vc_column_text][\/vc_column][vc_column width=\u00bb1\/2&#8243;][vc_column_text]<\/p>\n<p style=\"text-align: center;\"><span style=\"color: #6f9e4a;\"><strong><span style=\"font-size: 18pt;\">CAU DE L&#8217; AINA<\/span><\/strong><\/span><\/p>\n<p>[\/vc_column_text][vc_column_text css=\u00bb\u00bb]<\/p>\n<table class=\"alignleft\" style=\"width: 100%; border-spacing: 10px;\" border=\"1\" frame=\"void\" rules=\"rows\" cellspacing=\"10px\">\n<tbody>\n<tr style=\"height: 24px;\">\n<td style=\"padding: 12px; width: 50%; height: 24px; background-color: #6f9e4a;\"><span style=\"color: #ffffff; font-size: 12pt;\"><strong>PRECIOS POR NOCHE<\/strong><\/span><\/td>\n<td style=\"padding: 12px; width: 25%; height: 24px; background-color: #6f9e4a;\"><span style=\"color: #ffffff; font-size: 12pt;\"><strong>T.A<\/strong><\/span><\/td>\n<td style=\"padding: 12px; width: 25%; height: 24px; background-color: #6f9e4a;\"><span style=\"color: #ffffff; font-size: 12pt;\"><strong>T.B<\/strong><\/span><\/td>\n<\/tr>\n<tr style=\"height: 24px; padding: 12px;\">\n<td style=\"width: 50%; height: 24px; padding: 12px;\">2 ADULTOS<\/td>\n<td style=\"width: 25%; height: 24px; padding: 12px;\"><strong>89\u20ac<\/strong><\/td>\n<td style=\"width: 25%; height: 24px; padding: 12px;\"><strong>82\u20ac<\/strong><\/td>\n<\/tr>\n<tr style=\"height: 24px; padding: 12px;\">\n<td style=\"width: 50%; height: 24px; padding: 12px;\">2 ADULTOS + 2 NI\u00d1OS<\/td>\n<td style=\"width: 25%; height: 24px; padding: 12px;\"><strong>97\u20ac<\/strong><\/td>\n<td style=\"width: 25%; height: 24px; padding: 12px;\"><strong>88\u20ac<\/strong><\/td>\n<\/tr>\n<\/tbody>\n<\/table>\n<p>[\/vc_column_text][\/vc_column][\/vc_row][vc_row][vc_column][vc_empty_space height=\u00bb62px\u00bb][vc_btn title=\u00bbVEURE SERVEIS INCLOSOS EN AQUESTS PREUS\u00bb style=\u00bbgradient-custom\u00bb gradient_custom_color_1=\u00bb#128c38&#8243; gradient_custom_color_2=\u00bb#a7d19c\u00bb shape=\u00bbsquare\u00bb size=\u00bblg\u00bb align=\u00bbcenter\u00bb i_align=\u00bbright\u00bb i_type=\u00bbtypicons\u00bb i_icon_typicons=\u00bbtypcn typcn-arrow-right-thick\u00bb add_icon=\u00bbtrue\u00bb link=\u00bburl:https%3A%2F%2Falbadesteve.com%2Fca%2Fserveis%2F|title:SERVEIS|target:_blank|\u00bb][vc_empty_space][\/vc_column][\/vc_row][vc_row][vc_column][vc_text_separator title=\u00bb\u00bb i_icon_fontawesome=\u00bbfab fa-pagelines\u00bb i_color=\u00bbgrey\u00bb i_size=\u00bblg\u00bb css=\u00bb.vc_custom_1638087456194{margin-top: 10px !important;margin-bottom: 60px !important;}\u00bb add_icon=\u00bbtrue\u00bb][\/vc_column][\/vc_row][vc_row][vc_column width=\u00bb1\/2&#8243;][vc_column_text css=\u00bb.vc_custom_1644178910065{padding-top: 10px !important;padding-right: 40px !important;padding-bottom: 10px !important;padding-left: 40px !important;}\u00bb]Tots els preus inclouen el 10% d&#8217;IVA. No sinclou la taxa tur\u00edstica (0,60\u20ac per nit i persona major de 16 anys).[\/vc_column_text][\/vc_column][vc_column width=\u00bb1\/2&#8243; css=\u00bb.vc_custom_1637434090412{background-color: #77a58d !important;}\u00bb][vc_column_text css=\u00bb.vc_custom_1638084726198{padding-top: 10px !important;padding-right: 40px !important;padding-bottom: 10px !important;padding-left: 40px !important;}\u00bb]<span style=\"font-size: 14pt;\"><strong><span style=\"color: #ffffff;\">L\u2019 estada m\u00ednima ser\u00e0 de 2 nits.<\/span><\/strong><\/span><br \/>\n<span style=\"font-size: 13pt;\"><span style=\"color: #ffffff;\">Temporada alta (T.A.): Juliol, Agost, Nadals, Setmana Santa i ponts.<br \/>\nTemporada baixa (T.B.): Resta de l\u2019any.<\/span><\/span>[\/vc_column_text][\/vc_column][\/vc_row][vc_row full_width=\u00bbstretch_row\u00bb content_placement=\u00bbbottom\u00bb css=\u00bb.vc_custom_1637785671312{margin-top: 80px !important;padding-bottom: 100px !important;background-image: url(https:\/\/albadesteve.com\/wp-content\/uploads\/2021\/11\/casa-alba-esteve-espot-scaled.jpg?id=4282) !important;background-position: 0 0 !important;background-repeat: no-repeat !important;}\u00bb][vc_column css=\u00bb.vc_custom_1640031675719{margin-top: 50px !important;margin-bottom: 50px !important;padding-top: 0px !important;background-color: rgba(0,68,17,0.71) !important;*background-color: rgb(0,68,17) !important;}\u00bb offset=\u00bbvc_hidden-sm vc_hidden-xs\u00bb][vc_row_inner css=\u00bb.vc_custom_1637785117434{padding-top: 40px !important;padding-right: 60px !important;padding-left: 60px !important;}\u00bb][vc_column_inner width=\u00bb1\/2&#8243;][vc_column_text]<\/p>\n<p style=\"text-align: justify;\"><span style=\"color: #ffffff;\">Alba d\u2019Esteve \u00e9s l\u2019antiga quadra dels bous de Casa Esteve, casa pairal centen\u00e0ria, situada al Solau del poble d\u2019Espot, al peu del Parc Nacional d\u2019Aig\u00fcestortes i Estany de Sant Maurici i d\u2019Espot Esqu\u00ed estaci\u00f3 d\u2019esqu\u00ed alp\u00ed.<\/span><br \/>\n<span style=\"color: #ffffff;\">La casa porta el nom del projecte m\u00e9s important de la nostra vida, les nostres filles, l\u2019Alba i l\u2019Aina. Amb la mateixa cura, la il.lusi\u00f3 , dedicaci\u00f3 i esfor\u00e7 que cada dia esmercem en Amb la mateixa cura, la il.lusi\u00f3 , dedicaci\u00f3 i esfor\u00e7 que cada dia esmercem en <\/span><\/p>\n<p>[\/vc_column_text][\/vc_column_inner][vc_column_inner width=\u00bb1\/2&#8243;][vc_column_text]<\/p>\n<p style=\"text-align: justify;\"><span style=\"color: #ffffff;\">el seu creixement, hem rehabilitat la quadra que durant segles ha conservat la nostra fam\u00edlia dedicada a la cria de vaqu\u00ed de carn i l\u2019hem transformada en un habitatge rural de qualitat que disposa d\u2019un ampli ventall de serveis. Esperemos que se sientan c\u00f3modos y que disfruten de los placeres que les ofrece nuestra zona durante todo el a\u00f1o, as\u00ed como de las experiencias que les proponemos. Esperem que us sentiu c\u00f2modes i que gaudiu dels plaers que us ofereix la nostra zona durant tot l&#8217;any, aix\u00ed com de les experi\u00e8ncies que us proposem.<\/span><\/p>\n<p>[\/vc_column_text][\/vc_column_inner][\/vc_row_inner][vc_row_inner css=\u00bb.vc_custom_1637785234937{padding-bottom: 50px !important;}\u00bb][vc_column_inner width=\u00bb1\/3&#8243;][\/vc_column_inner][vc_column_inner width=\u00bb1\/3&#8243;][vc_text_separator title=\u00bb\u00bb i_icon_fontawesome=\u00bbfab fa-pagelines\u00bb i_color=\u00bbgrey\u00bb i_size=\u00bblg\u00bb css=\u00bb.vc_custom_1637785386661{padding-top: 20px !important;}\u00bb add_icon=\u00bbtrue\u00bb][vc_column_text css_animation=\u00bbfadeIn\u00bb]<\/p>\n<blockquote>\n<h2 style=\"text-align: center;\"><strong><span style=\"color: #ffffff;\">BENVINGUTS<\/span><\/strong><\/h2>\n<\/blockquote>\n<p style=\"text-align: center;\"><span style=\"color: #ffffff;\">Familia Castellarnau<\/span><\/p>\n<p style=\"text-align: center;\"><span style=\"color: #ffffff;\">Jaume, Marissa, Alba i Aina<\/span><\/p>\n<p>[\/vc_column_text][\/vc_column_inner][vc_column_inner width=\u00bb1\/3&#8243;][\/vc_column_inner][\/vc_row_inner][\/vc_column][\/vc_row][vc_row css=\u00bb.vc_custom_1637785087516{margin-top: -80px !important;}\u00bb][vc_column width=\u00bb1\/3&#8243; css=\u00bb.vc_custom_1484665538182{margin-top: 10px !important;margin-bottom: 10px !important;padding-top: 0px !important;}\u00bb]\n\n\n  <!--START team-->\n  <div class=\" nd_options_price_team_l4 nd_options_section nd_options_team_testimonials nd_options_text_align_center \">\n                                        \n    <!--image-->\n    <div class=\"nd_options_section\">\n        \n        <img decoding=\"async\" alt=\"\" class=\"nd_options_section\" src=\"https:\/\/albadesteve.com\/wp-content\/uploads\/2021\/11\/montanas-wallpapers-20-1024x640-1.jpg\">\n\n    <\/div>\n    <!--image-->\n\n\n    <div class=\"nd_options_section nd_options_padding_20 nd_options_box_sizing_border_box\">\n    \n        <h2 class=\"nd_options_margin_0_important\"><strong>EL PARC NACIONAL<\/strong><\/h2>\n        <div class=\"nd_options_section nd_options_height_10\"><\/div> \n        <h6 class=\"nd_options_color_grey nd_options_font_size_12 nd_options_text_transform_uppercase nd_options_letter_spacing_3 nd_options_second_font nd_options_font_weight_lighter\">AIG\u00dcESTORTES I ESTANY DE SANT MAURICI<\/h6>\n        <div class=\"nd_options_section nd_options_height_20\"><\/div> \n        <p class=\"nd_options_margin_0_important\">Un espai natural protegit<\/p>\n        <div class=\"nd_options_section nd_options_height_20\"><\/div> \n        <a rel=\"\" target=\"_self\" class=\"nd_options_margin_0_important nd_options_display_inline_block nd_options_color_grey nd_options_border_1_solid_grey nd_options_first_font nd_options_padding_8_12 nd_options_border_radius_20 nd_options_font_size_13\" href=\"https\">LLEGIR M\u00c9S<\/a>\n\n    <\/div>\n\n  <\/div>\n  <!--END team-->\n\n\n   [\/vc_column][vc_column width=\u00bb1\/3&#8243; css=\u00bb.vc_custom_1484665542433{margin-top: 10px !important;margin-bottom: 10px !important;padding-top: 0px !important;}\u00bb]\n\n\n  <!--START team-->\n  <div class=\" nd_options_price_team_l4 nd_options_section nd_options_team_testimonials nd_options_text_align_center \">\n                                        \n    <!--image-->\n    <div class=\"nd_options_section\">\n        \n        <img decoding=\"async\" alt=\"\" class=\"nd_options_section\" src=\"https:\/\/albadesteve.com\/wp-content\/uploads\/2021\/11\/SuperEspot-1.jpg\">\n\n    <\/div>\n    <!--image-->\n\n\n    <div class=\"nd_options_section nd_options_padding_20 nd_options_box_sizing_border_box\">\n    \n        <h2 class=\"nd_options_margin_0_important\"><strong>LA NEU<\/strong><\/h2>\n        <div class=\"nd_options_section nd_options_height_10\"><\/div> \n        <h6 class=\"nd_options_color_grey nd_options_font_size_12 nd_options_text_transform_uppercase nd_options_letter_spacing_3 nd_options_second_font nd_options_font_weight_lighter\">Espot esqu\u00ed<\/h6>\n        <div class=\"nd_options_section nd_options_height_20\"><\/div> \n        <p class=\"nd_options_margin_0_important\">L'estaci\u00f3 d'esqu\u00ed \u00fanica als Pirineus<\/p>\n        <div class=\"nd_options_section nd_options_height_20\"><\/div> \n        <a rel=\"\" target=\"_self\" class=\"nd_options_margin_0_important nd_options_display_inline_block nd_options_color_grey nd_options_border_1_solid_grey nd_options_first_font nd_options_padding_8_12 nd_options_border_radius_20 nd_options_font_size_13\" href=\"https:\/\/albadesteve.com\/ca\/la-neu\/\">LLEGIR M\u00c9S<\/a>\n\n    <\/div>\n\n  <\/div>\n  <!--END team-->\n\n\n   [\/vc_column][vc_column width=\u00bb1\/3&#8243; css=\u00bb.vc_custom_1637609115959{margin-top: 10px !important;margin-bottom: 10px !important;}\u00bb]\n\n\n  <!--START team-->\n  <div class=\" nd_options_price_team_l4 nd_options_section nd_options_team_testimonials nd_options_text_align_center \">\n                                        \n    <!--image-->\n    <div class=\"nd_options_section\">\n        \n        <img decoding=\"async\" alt=\"\" class=\"nd_options_section\" src=\"https:\/\/albadesteve.com\/wp-content\/uploads\/2021\/11\/sasha-instagram-com-sanfrancisco-134406-1024x681-2.jpg\">\n\n    <\/div>\n    <!--image-->\n\n\n    <div class=\"nd_options_section nd_options_padding_20 nd_options_box_sizing_border_box\">\n    \n        <h2 class=\"nd_options_margin_0_important\"><strong>BESPOKE SERVICE<\/strong><\/h2>\n        <div class=\"nd_options_section nd_options_height_10\"><\/div> \n        <h6 class=\"nd_options_color_grey nd_options_font_size_12 nd_options_text_transform_uppercase nd_options_letter_spacing_3 nd_options_second_font nd_options_font_weight_lighter\">\u00c9S EL SERVEI PERSONALITZAT<\/h6>\n        <div class=\"nd_options_section nd_options_height_20\"><\/div> \n        <p class=\"nd_options_margin_0_important\">Els serveis que s'ofereixen estan adecuats al m\u00e0xim<\/p>\n        <div class=\"nd_options_section nd_options_height_20\"><\/div> \n        <a rel=\"\" target=\"_self\" class=\"nd_options_margin_0_important nd_options_display_inline_block nd_options_color_grey nd_options_border_1_solid_grey nd_options_first_font nd_options_padding_8_12 nd_options_border_radius_20 nd_options_font_size_13\" href=\"http:\/\/dreamsetjolie.com\/ca\/\">LLEGIR+M\u00c9S<\/a>\n\n    <\/div>\n\n  <\/div>\n  <!--END team-->\n\n\n   [\/vc_column][\/vc_row]<\/p>\n<\/div>","protected":false},"excerpt":{"rendered":"<p>[vc_row full_width=\u00bbstretch_row\u00bb parallax=\u00bbcontent-moving-fade\u00bb parallax_image=\u00bb3717&#8243; parallax_speed_bg=\u00bb2&#8243; css=\u00bb.vc_custom_1638082500934{margin-top: 0px !important;background-position: center;background-repeat: no-repeat !important;background-size: cover !important;}\u00bb][vc_column][vc_empty_space height=\u00bb150px\u00bb][vc_empty_space height=\u00bb150px\u00bb][\/vc_column][\/vc_row][vc_row][vc_column][vc_empty_space height=\u00bb50px\u00bb][\/vc_column][\/vc_row][vc_row][vc_column width=\u00bb1\/2&#8243;][vc_column_text] ALBA D\u2019ESTEVE [\/vc_column_text][vc_column_text css=\u00bb.vc_custom_1764150240951{margin-bottom: 40px !important;}\u00bb] PREUS PER NIT T.A T.B 8 PERSONES 320\u20ac 280\u20ac 10 PERSONES 400\u20ac 350\u20ac 12 PERSONES 480\u20ac 420\u20ac 14 PERSONES 560\u20ac 490\u20ac 16 PERSONES 640\u20ac 560\u20ac [\/vc_column_text][vc_empty_space][vc_column_text]La casa pot acollir gratuitament, en cas [&hellip;]<\/p>\n","protected":false},"author":3,"featured_media":4326,"parent":0,"menu_order":0,"comment_status":"closed","ping_status":"closed","template":"","meta":{"inline_featured_image":false,"footnotes":""},"class_list":["post-4959","page","type-page","status-publish","has-post-thumbnail","hentry"],"_links":{"self":[{"href":"https:\/\/albadesteve.com\/ca\/wp-json\/wp\/v2\/pages\/4959","targetHints":{"allow":["GET"]}}],"collection":[{"href":"https:\/\/albadesteve.com\/ca\/wp-json\/wp\/v2\/pages"}],"about":[{"href":"https:\/\/albadesteve.com\/ca\/wp-json\/wp\/v2\/types\/page"}],"author":[{"embeddable":true,"href":"https:\/\/albadesteve.com\/ca\/wp-json\/wp\/v2\/users\/3"}],"replies":[{"embeddable":true,"href":"https:\/\/albadesteve.com\/ca\/wp-json\/wp\/v2\/comments?post=4959"}],"version-history":[{"count":2,"href":"https:\/\/albadesteve.com\/ca\/wp-json\/wp\/v2\/pages\/4959\/revisions"}],"predecessor-version":[{"id":7566,"href":"https:\/\/albadesteve.com\/ca\/wp-json\/wp\/v2\/pages\/4959\/revisions\/7566"}],"wp:featuredmedia":[{"embeddable":true,"href":"https:\/\/albadesteve.com\/ca\/wp-json\/wp\/v2\/media\/4326"}],"wp:attachment":[{"href":"https:\/\/albadesteve.com\/ca\/wp-json\/wp\/v2\/media?parent=4959"}],"curies":[{"name":"wp","href":"https:\/\/api.w.org\/{rel}","templated":true}]}}